{"id":26,"date":"2018-01-24T15:56:10","date_gmt":"2018-01-24T14:56:10","guid":{"rendered":"http:\/\/www.avocat-serrano.fr\/beta\/?page_id=26"},"modified":"2018-02-07T10:31:32","modified_gmt":"2018-02-07T09:31:32","slug":"votre-avocat","status":"publish","type":"page","link":"https:\/\/www.avocat-serrano.fr\/","title":{"rendered":"Votre avocat"},"content":{"rendered":"<h1><span lang=\"FR\">Formation<img decoding=\"async\" loading=\"lazy\" class=\"wp-image-113 alignright\" src=\"http:\/\/www.avocat-serrano.fr\/wp-content\/uploads\/2018\/01\/photo-identite-cecile.jpg\" alt=\"Cecile SERRANO, Droit du Travail\" width=\"166\" height=\"284\" \/><\/span><\/h1>\n<p><span lang=\"FR\">C\u00e9cile SERRANO est titulaire d&rsquo;une\u00a0<\/span><strong><span lang=\"FR\">Ma\u00eetrise de Droit<\/span><\/strong><span lang=\"FR\">\u00a0et d&rsquo;un DESS N\u00e9gociation de Contrats d\u2019Importation et Exportation \u00e0 l&rsquo;Universit\u00e9 Paris Descartes. Son activit\u00e9 principale est le droit du travail.<\/span><\/p>\n<h1><span lang=\"FR\">Exp\u00e9rience en entreprise<\/span><\/h1>\n<p><span lang=\"FR\">A d\u00e9marr\u00e9 son parcours professionnel dans une grande cha\u00eene de restauration o\u00f9 elle a occup\u00e9 le poste de\u00a0<\/span><strong><span lang=\"FR\">directrice de ressources humaines\u00a0<\/span><\/strong><span lang=\"FR\">pendant deux ans.<\/span><\/p>\n<h1><span lang=\"FR\">Exp\u00e9rience dans une organisation syndicale<\/span><\/h1>\n<p><span lang=\"FR\">Elle a ensuite r\u00e9orient\u00e9 sa carri\u00e8re en int\u00e9grant le service juridique d\u2019une grande\u00a0<\/span><strong><span lang=\"FR\">organisation syndicale<\/span><\/strong><span lang=\"FR\">\u00a0o\u00f9 elle a eu pour fonction principale celle de conseiller et accompagner les salari\u00e9s dans leurs d\u00e9marches lors des litiges avec leurs employeurs pendant plus de 8 ans. Elle a en m\u00eame temps \u00e9t\u00e9 d\u00e9sign\u00e9e par le\u00a0<strong>Minist\u00e8re du Travail<\/strong>\u00a0en tant que\u00a0<strong>Conseiller du Salari\u00e9<\/strong>\u00a0pour assister les salari\u00e9s lors des entretiens pr\u00e9alables au <strong><a href=\"http:\/\/www.avocat-serrano.fr\/index.php\/conseil-de-prudhommes-deroulement-dune-affaire\/\">licenciement<\/a><\/strong> et des ruptures conventionnelles.<\/span><\/p>\n<h1>Votre Avocat en droit du travail<\/h1>\n<p><span lang=\"FR\">Aujourd\u2019hui C\u00e9cile SERRANO met ses comp\u00e9tences et l\u2019exp\u00e9rience acquises durant ce parcours \u00e0 votre service. N&rsquo;hesitez pas \u00e0 la <strong><a href=\"http:\/\/www.avocat-serrano.fr\/index.php\/contact\/\">contacter<\/a><\/strong> pour consulter votre cas.<\/span><\/p>\n","protected":false},"excerpt":{"rendered":"<p>Formation C\u00e9cile SERRANO est titulaire d&rsquo;une\u00a0Ma\u00eetrise de Droit\u00a0et d&rsquo;un DESS N\u00e9gociation de Contrats d\u2019Importation et Exportation \u00e0 l&rsquo;Universit\u00e9 Paris Descartes. Son activit\u00e9 principale est le droit du travail. Exp\u00e9rience en entreprise A d\u00e9marr\u00e9 son parcours professionnel dans une grande cha\u00eene de restauration o\u00f9 elle a occup\u00e9 le poste de\u00a0directrice de ressources humaines\u00a0pendant deux ans. Exp\u00e9rience [&hellip;]<\/p>\n","protected":false},"author":1,"featured_media":0,"parent":0,"menu_order":0,"comment_status":"closed","ping_status":"closed","template":"","meta":[],"yoast_head":"<!-- This site is optimized with the Yoast SEO plugin v20.3 - https:\/\/yoast.com\/wordpress\/plugins\/seo\/ -->\n<title>Votre avocat - Ma\u00eetre SERRANO, Avocat en Droit du Travail<\/title>\n<meta name=\"description\" content=\"C\u00e9cile SERRANO met ses comp\u00e9tences et son exp\u00e9rience en droit du travail \u00e0 votre service et vous offre ses services et son exp\u00e9rience pour vous accompagner dans votre proc\u00e9dure Ce site contient des informations utiles pour entamer une action aux prud\u2019hommes, par exemple lors d&#039;un licenciement pour faute.\" \/>\n<meta name=\"robots\" content=\"index, follow, max-snippet:-1, max-image-preview:large, max-video-preview:-1\" \/>\n<link rel=\"canonical\" href=\"http:\/\/www.avocat-serrano.fr\/\" \/>\n<meta property=\"og:locale\" content=\"fr_FR\" \/>\n<meta property=\"og:type\" content=\"article\" \/>\n<meta property=\"og:title\" content=\"Votre avocat - Ma\u00eetre SERRANO, Avocat en Droit du Travail\" \/>\n<meta property=\"og:description\" content=\"C\u00e9cile SERRANO met ses comp\u00e9tences et son exp\u00e9rience en droit du travail \u00e0 votre service et vous offre ses services et son exp\u00e9rience pour vous accompagner dans votre proc\u00e9dure Ce site contient des informations utiles pour entamer une action aux prud\u2019hommes, par exemple lors d&#039;un licenciement pour faute.\" \/>\n<meta property=\"og:url\" content=\"http:\/\/www.avocat-serrano.fr\/\" \/>\n<meta property=\"og:site_name\" content=\"Ma\u00eetre SERRANO, Avocat en Droit du Travail\" \/>\n<meta property=\"article:modified_time\" content=\"2018-02-07T09:31:32+00:00\" \/>\n<meta property=\"og:image\" content=\"http:\/\/www.avocat-serrano.fr\/wp-content\/uploads\/2018\/01\/photo-identite-cecile.jpg\" \/>\n<meta name=\"twitter:card\" content=\"summary_large_image\" \/>\n<meta name=\"twitter:label1\" content=\"Dur\u00e9e de lecture estim\u00e9e\" \/>\n\t<meta name=\"twitter:data1\" content=\"1 minute\" \/>\n<script type=\"application\/ld+json\" class=\"yoast-schema-graph\">{\"@context\":\"https:\/\/schema.org\",\"@graph\":[{\"@type\":\"WebPage\",\"@id\":\"http:\/\/www.avocat-serrano.fr\/\",\"url\":\"http:\/\/www.avocat-serrano.fr\/\",\"name\":\"Votre avocat - Ma\u00eetre SERRANO, Avocat en Droit du Travail\",\"isPartOf\":{\"@id\":\"http:\/\/www.avocat-serrano.fr\/#website\"},\"datePublished\":\"2018-01-24T14:56:10+00:00\",\"dateModified\":\"2018-02-07T09:31:32+00:00\",\"description\":\"C\u00e9cile SERRANO met ses comp\u00e9tences et son exp\u00e9rience en droit du travail \u00e0 votre service et vous offre ses services et son exp\u00e9rience pour vous accompagner dans votre proc\u00e9dure Ce site contient des informations utiles pour entamer une action aux prud\u2019hommes, par exemple lors d'un licenciement pour faute.\",\"breadcrumb\":{\"@id\":\"http:\/\/www.avocat-serrano.fr\/#breadcrumb\"},\"inLanguage\":\"fr-FR\",\"potentialAction\":[{\"@type\":\"ReadAction\",\"target\":[\"http:\/\/www.avocat-serrano.fr\/\"]}]},{\"@type\":\"BreadcrumbList\",\"@id\":\"http:\/\/www.avocat-serrano.fr\/#breadcrumb\",\"itemListElement\":[{\"@type\":\"ListItem\",\"position\":1,\"name\":\"Accueil\",\"item\":\"http:\/\/www.avocat-serrano.fr\/\"},{\"@type\":\"ListItem\",\"position\":2,\"name\":\"Votre avocat\"}]},{\"@type\":\"WebSite\",\"@id\":\"http:\/\/www.avocat-serrano.fr\/#website\",\"url\":\"http:\/\/www.avocat-serrano.fr\/\",\"name\":\"Ma\u00eetre SERRANO, Avocat en Droit du Travail\",\"description\":\"\",\"potentialAction\":[{\"@type\":\"SearchAction\",\"target\":{\"@type\":\"EntryPoint\",\"urlTemplate\":\"http:\/\/www.avocat-serrano.fr\/?s={search_term_string}\"},\"query-input\":\"required name=search_term_string\"}],\"inLanguage\":\"fr-FR\"}]}<\/script>\n<!-- \/ Yoast SEO plugin. -->","yoast_head_json":{"title":"Votre avocat - Ma\u00eetre SERRANO, Avocat en Droit du Travail","description":"C\u00e9cile SERRANO met ses comp\u00e9tences et son exp\u00e9rience en droit du travail \u00e0 votre service et vous offre ses services et son exp\u00e9rience pour vous accompagner dans votre proc\u00e9dure Ce site contient des informations utiles pour entamer une action aux prud\u2019hommes, par exemple lors d'un licenciement pour faute.","robots":{"index":"index","follow":"follow","max-snippet":"max-snippet:-1","max-image-preview":"max-image-preview:large","max-video-preview":"max-video-preview:-1"},"canonical":"http:\/\/www.avocat-serrano.fr\/","og_locale":"fr_FR","og_type":"article","og_title":"Votre avocat - Ma\u00eetre SERRANO, Avocat en Droit du Travail","og_description":"C\u00e9cile SERRANO met ses comp\u00e9tences et son exp\u00e9rience en droit du travail \u00e0 votre service et vous offre ses services et son exp\u00e9rience pour vous accompagner dans votre proc\u00e9dure Ce site contient des informations utiles pour entamer une action aux prud\u2019hommes, par exemple lors d'un licenciement pour faute.","og_url":"http:\/\/www.avocat-serrano.fr\/","og_site_name":"Ma\u00eetre SERRANO, Avocat en Droit du Travail","article_modified_time":"2018-02-07T09:31:32+00:00","og_image":[{"url":"http:\/\/www.avocat-serrano.fr\/wp-content\/uploads\/2018\/01\/photo-identite-cecile.jpg"}],"twitter_card":"summary_large_image","twitter_misc":{"Dur\u00e9e de lecture estim\u00e9e":"1 minute"},"schema":{"@context":"https:\/\/schema.org","@graph":[{"@type":"WebPage","@id":"http:\/\/www.avocat-serrano.fr\/","url":"http:\/\/www.avocat-serrano.fr\/","name":"Votre avocat - Ma\u00eetre SERRANO, Avocat en Droit du Travail","isPartOf":{"@id":"http:\/\/www.avocat-serrano.fr\/#website"},"datePublished":"2018-01-24T14:56:10+00:00","dateModified":"2018-02-07T09:31:32+00:00","description":"C\u00e9cile SERRANO met ses comp\u00e9tences et son exp\u00e9rience en droit du travail \u00e0 votre service et vous offre ses services et son exp\u00e9rience pour vous accompagner dans votre proc\u00e9dure Ce site contient des informations utiles pour entamer une action aux prud\u2019hommes, par exemple lors d'un licenciement pour faute.","breadcrumb":{"@id":"http:\/\/www.avocat-serrano.fr\/#breadcrumb"},"inLanguage":"fr-FR","potentialAction":[{"@type":"ReadAction","target":["http:\/\/www.avocat-serrano.fr\/"]}]},{"@type":"BreadcrumbList","@id":"http:\/\/www.avocat-serrano.fr\/#breadcrumb","itemListElement":[{"@type":"ListItem","position":1,"name":"Accueil","item":"http:\/\/www.avocat-serrano.fr\/"},{"@type":"ListItem","position":2,"name":"Votre avocat"}]},{"@type":"WebSite","@id":"http:\/\/www.avocat-serrano.fr\/#website","url":"http:\/\/www.avocat-serrano.fr\/","name":"Ma\u00eetre SERRANO, Avocat en Droit du Travail","description":"","potentialAction":[{"@type":"SearchAction","target":{"@type":"EntryPoint","urlTemplate":"http:\/\/www.avocat-serrano.fr\/?s={search_term_string}"},"query-input":"required name=search_term_string"}],"inLanguage":"fr-FR"}]}},"_links":{"self":[{"href":"https:\/\/www.avocat-serrano.fr\/index.php\/wp-json\/wp\/v2\/pages\/26"}],"collection":[{"href":"https:\/\/www.avocat-serrano.fr\/index.php\/wp-json\/wp\/v2\/pages"}],"about":[{"href":"https:\/\/www.avocat-serrano.fr\/index.php\/wp-json\/wp\/v2\/types\/page"}],"author":[{"embeddable":true,"href":"https:\/\/www.avocat-serrano.fr\/index.php\/wp-json\/wp\/v2\/users\/1"}],"replies":[{"embeddable":true,"href":"https:\/\/www.avocat-serrano.fr\/index.php\/wp-json\/wp\/v2\/comments?post=26"}],"version-history":[{"count":19,"href":"https:\/\/www.avocat-serrano.fr\/index.php\/wp-json\/wp\/v2\/pages\/26\/revisions"}],"predecessor-version":[{"id":133,"href":"https:\/\/www.avocat-serrano.fr\/index.php\/wp-json\/wp\/v2\/pages\/26\/revisions\/133"}],"wp:attachment":[{"href":"https:\/\/www.avocat-serrano.fr\/index.php\/wp-json\/wp\/v2\/media?parent=26"}],"curies":[{"name":"wp","href":"https:\/\/api.w.org\/{rel}","templated":true}]}}