{"id":28,"date":"2018-01-24T15:56:10","date_gmt":"2018-01-24T14:56:10","guid":{"rendered":"http:\/\/www.avocat-serrano.fr\/beta\/?page_id=28"},"modified":"2023-03-22T14:53:50","modified_gmt":"2023-03-22T13:53:50","slug":"contact","status":"publish","type":"page","link":"http:\/\/www.avocat-serrano.fr\/index.php\/contact\/","title":{"rendered":"Contact"},"content":{"rendered":"<p>Plan d&rsquo;acc\u00e8s (Pensez \u00e0 demander le code portail lors de votre rendez-vous):<\/p>\n<p><img decoding=\"async\" loading=\"lazy\" class=\"alignnone wp-image-137\" src=\"http:\/\/www.avocat-serrano.fr\/wp-content\/uploads\/2018\/03\/Plan-Massy.jpg\" alt=\"\" width=\"598\" height=\"389\" srcset=\"http:\/\/www.avocat-serrano.fr\/wp-content\/uploads\/2018\/03\/Plan-Massy.jpg 569w, http:\/\/www.avocat-serrano.fr\/wp-content\/uploads\/2018\/03\/Plan-Massy-300x195.jpg 300w\" sizes=\"(max-width: 598px) 100vw, 598px\" \/><img decoding=\"async\" loading=\"lazy\" class=\"alignnone wp-image-146\" src=\"http:\/\/www.avocat-serrano.fr\/wp-content\/uploads\/2018\/03\/Vue-Massy-2.jpg\" alt=\"\" width=\"596\" height=\"272\" srcset=\"http:\/\/www.avocat-serrano.fr\/wp-content\/uploads\/2018\/03\/Vue-Massy-2.jpg 1159w, http:\/\/www.avocat-serrano.fr\/wp-content\/uploads\/2018\/03\/Vue-Massy-2-300x137.jpg 300w, http:\/\/www.avocat-serrano.fr\/wp-content\/uploads\/2018\/03\/Vue-Massy-2-768x350.jpg 768w, http:\/\/www.avocat-serrano.fr\/wp-content\/uploads\/2018\/03\/Vue-Massy-2-1024x466.jpg 1024w\" sizes=\"(max-width: 596px) 100vw, 596px\" \/><\/p>\n","protected":false},"excerpt":{"rendered":"<p>Plan d&rsquo;acc\u00e8s (Pensez \u00e0 demander le code portail lors de votre rendez-vous):<\/p>\n","protected":false},"author":1,"featured_media":0,"parent":0,"menu_order":0,"comment_status":"closed","ping_status":"closed","template":"","meta":[],"yoast_head":"<!-- This site is optimized with the Yoast SEO plugin v20.3 - https:\/\/yoast.com\/wordpress\/plugins\/seo\/ -->\n<title>Contact - Ma\u00eetre SERRANO, Avocat en Droit du Travail<\/title>\n<meta name=\"description\" content=\"C\u00e9cile SERRANO met ses comp\u00e9tences et son exp\u00e9rience en droit du travail \u00e0 votre service et vous offre ses services et son exp\u00e9rience pour vous accompagner dans votre proc\u00e9dure Ce site contient des informations utiles pour entamer une action aux prud\u2019hommes, par exemple lors d&#039;un licenciement pour faute.\" \/>\n<meta name=\"robots\" content=\"index, follow, max-snippet:-1, max-image-preview:large, max-video-preview:-1\" \/>\n<link rel=\"canonical\" href=\"https:\/\/www.avocat-serrano.fr\/index.php\/contact\/\" \/>\n<meta property=\"og:locale\" content=\"fr_FR\" \/>\n<meta property=\"og:type\" content=\"article\" \/>\n<meta property=\"og:title\" content=\"Contact - Ma\u00eetre SERRANO, Avocat en Droit du Travail\" \/>\n<meta property=\"og:description\" content=\"C\u00e9cile SERRANO met ses comp\u00e9tences et son exp\u00e9rience en droit du travail \u00e0 votre service et vous offre ses services et son exp\u00e9rience pour vous accompagner dans votre proc\u00e9dure Ce site contient des informations utiles pour entamer une action aux prud\u2019hommes, par exemple lors d&#039;un licenciement pour faute.\" \/>\n<meta property=\"og:url\" content=\"https:\/\/www.avocat-serrano.fr\/index.php\/contact\/\" \/>\n<meta property=\"og:site_name\" content=\"Ma\u00eetre SERRANO, Avocat en Droit du Travail\" \/>\n<meta property=\"article:modified_time\" content=\"2023-03-22T13:53:50+00:00\" \/>\n<meta property=\"og:image\" content=\"http:\/\/www.avocat-serrano.fr\/wp-content\/uploads\/2018\/03\/Plan-Massy.jpg\" \/>\n<meta name=\"twitter:card\" content=\"summary_large_image\" \/>\n<script type=\"application\/ld+json\" class=\"yoast-schema-graph\">{\"@context\":\"https:\/\/schema.org\",\"@graph\":[{\"@type\":\"WebPage\",\"@id\":\"https:\/\/www.avocat-serrano.fr\/index.php\/contact\/\",\"url\":\"https:\/\/www.avocat-serrano.fr\/index.php\/contact\/\",\"name\":\"Contact - Ma\u00eetre SERRANO, Avocat en Droit du Travail\",\"isPartOf\":{\"@id\":\"https:\/\/www.avocat-serrano.fr\/#website\"},\"datePublished\":\"2018-01-24T14:56:10+00:00\",\"dateModified\":\"2023-03-22T13:53:50+00:00\",\"description\":\"C\u00e9cile SERRANO met ses comp\u00e9tences et son exp\u00e9rience en droit du travail \u00e0 votre service et vous offre ses services et son exp\u00e9rience pour vous accompagner dans votre proc\u00e9dure Ce site contient des informations utiles pour entamer une action aux prud\u2019hommes, par exemple lors d'un licenciement pour faute.\",\"breadcrumb\":{\"@id\":\"https:\/\/www.avocat-serrano.fr\/index.php\/contact\/#breadcrumb\"},\"inLanguage\":\"fr-FR\",\"potentialAction\":[{\"@type\":\"ReadAction\",\"target\":[\"https:\/\/www.avocat-serrano.fr\/index.php\/contact\/\"]}]},{\"@type\":\"BreadcrumbList\",\"@id\":\"https:\/\/www.avocat-serrano.fr\/index.php\/contact\/#breadcrumb\",\"itemListElement\":[{\"@type\":\"ListItem\",\"position\":1,\"name\":\"Accueil\",\"item\":\"https:\/\/www.avocat-serrano.fr\/\"},{\"@type\":\"ListItem\",\"position\":2,\"name\":\"Contact\"}]},{\"@type\":\"WebSite\",\"@id\":\"https:\/\/www.avocat-serrano.fr\/#website\",\"url\":\"https:\/\/www.avocat-serrano.fr\/\",\"name\":\"Ma\u00eetre SERRANO, Avocat en Droit du Travail\",\"description\":\"\",\"potentialAction\":[{\"@type\":\"SearchAction\",\"target\":{\"@type\":\"EntryPoint\",\"urlTemplate\":\"https:\/\/www.avocat-serrano.fr\/?s={search_term_string}\"},\"query-input\":\"required name=search_term_string\"}],\"inLanguage\":\"fr-FR\"}]}<\/script>\n<!-- \/ Yoast SEO plugin. -->","yoast_head_json":{"title":"Contact - Ma\u00eetre SERRANO, Avocat en Droit du Travail","description":"C\u00e9cile SERRANO met ses comp\u00e9tences et son exp\u00e9rience en droit du travail \u00e0 votre service et vous offre ses services et son exp\u00e9rience pour vous accompagner dans votre proc\u00e9dure Ce site contient des informations utiles pour entamer une action aux prud\u2019hommes, par exemple lors d'un licenciement pour faute.","robots":{"index":"index","follow":"follow","max-snippet":"max-snippet:-1","max-image-preview":"max-image-preview:large","max-video-preview":"max-video-preview:-1"},"canonical":"https:\/\/www.avocat-serrano.fr\/index.php\/contact\/","og_locale":"fr_FR","og_type":"article","og_title":"Contact - Ma\u00eetre SERRANO, Avocat en Droit du Travail","og_description":"C\u00e9cile SERRANO met ses comp\u00e9tences et son exp\u00e9rience en droit du travail \u00e0 votre service et vous offre ses services et son exp\u00e9rience pour vous accompagner dans votre proc\u00e9dure Ce site contient des informations utiles pour entamer une action aux prud\u2019hommes, par exemple lors d'un licenciement pour faute.","og_url":"https:\/\/www.avocat-serrano.fr\/index.php\/contact\/","og_site_name":"Ma\u00eetre SERRANO, Avocat en Droit du Travail","article_modified_time":"2023-03-22T13:53:50+00:00","og_image":[{"url":"http:\/\/www.avocat-serrano.fr\/wp-content\/uploads\/2018\/03\/Plan-Massy.jpg"}],"twitter_card":"summary_large_image","schema":{"@context":"https:\/\/schema.org","@graph":[{"@type":"WebPage","@id":"https:\/\/www.avocat-serrano.fr\/index.php\/contact\/","url":"https:\/\/www.avocat-serrano.fr\/index.php\/contact\/","name":"Contact - Ma\u00eetre SERRANO, Avocat en Droit du Travail","isPartOf":{"@id":"https:\/\/www.avocat-serrano.fr\/#website"},"datePublished":"2018-01-24T14:56:10+00:00","dateModified":"2023-03-22T13:53:50+00:00","description":"C\u00e9cile SERRANO met ses comp\u00e9tences et son exp\u00e9rience en droit du travail \u00e0 votre service et vous offre ses services et son exp\u00e9rience pour vous accompagner dans votre proc\u00e9dure Ce site contient des informations utiles pour entamer une action aux prud\u2019hommes, par exemple lors d'un licenciement pour faute.","breadcrumb":{"@id":"https:\/\/www.avocat-serrano.fr\/index.php\/contact\/#breadcrumb"},"inLanguage":"fr-FR","potentialAction":[{"@type":"ReadAction","target":["https:\/\/www.avocat-serrano.fr\/index.php\/contact\/"]}]},{"@type":"BreadcrumbList","@id":"https:\/\/www.avocat-serrano.fr\/index.php\/contact\/#breadcrumb","itemListElement":[{"@type":"ListItem","position":1,"name":"Accueil","item":"https:\/\/www.avocat-serrano.fr\/"},{"@type":"ListItem","position":2,"name":"Contact"}]},{"@type":"WebSite","@id":"https:\/\/www.avocat-serrano.fr\/#website","url":"https:\/\/www.avocat-serrano.fr\/","name":"Ma\u00eetre SERRANO, Avocat en Droit du Travail","description":"","potentialAction":[{"@type":"SearchAction","target":{"@type":"EntryPoint","urlTemplate":"https:\/\/www.avocat-serrano.fr\/?s={search_term_string}"},"query-input":"required name=search_term_string"}],"inLanguage":"fr-FR"}]}},"_links":{"self":[{"href":"http:\/\/www.avocat-serrano.fr\/index.php\/wp-json\/wp\/v2\/pages\/28"}],"collection":[{"href":"http:\/\/www.avocat-serrano.fr\/index.php\/wp-json\/wp\/v2\/pages"}],"about":[{"href":"http:\/\/www.avocat-serrano.fr\/index.php\/wp-json\/wp\/v2\/types\/page"}],"author":[{"embeddable":true,"href":"http:\/\/www.avocat-serrano.fr\/index.php\/wp-json\/wp\/v2\/users\/1"}],"replies":[{"embeddable":true,"href":"http:\/\/www.avocat-serrano.fr\/index.php\/wp-json\/wp\/v2\/comments?post=28"}],"version-history":[{"count":20,"href":"http:\/\/www.avocat-serrano.fr\/index.php\/wp-json\/wp\/v2\/pages\/28\/revisions"}],"predecessor-version":[{"id":172,"href":"http:\/\/www.avocat-serrano.fr\/index.php\/wp-json\/wp\/v2\/pages\/28\/revisions\/172"}],"wp:attachment":[{"href":"http:\/\/www.avocat-serrano.fr\/index.php\/wp-json\/wp\/v2\/media?parent=28"}],"curies":[{"name":"wp","href":"https:\/\/api.w.org\/{rel}","templated":true}]}}